{"version":"1.0","provider_name":"Madrid Convention Bureau","provider_url":"https:\/\/www.esmadrid.com\/mcb","author_name":"editor","author_url":"https:\/\/www.esmadrid.com\/mcb\/author\/editor\/","title":"Nuevas conexiones a\u00e9reas - Madrid Convention Bureau","type":"rich","width":600,"height":338,"html":"<blockquote class=\"wp-embedded-content\" data-secret=\"bQg8tI896H\"><a href=\"https:\/\/www.esmadrid.com\/mcb\/novedades\/nuevas-conexiones-aereas\/\">Nuevas conexiones a\u00e9reas<\/a><\/blockquote><iframe sandbox=\"allow-scripts\" security=\"restricted\" src=\"https:\/\/www.esmadrid.com\/mcb\/novedades\/nuevas-conexiones-aereas\/embed\/#?secret=bQg8tI896H\" width=\"600\" height=\"338\" title=\"\u00abNuevas conexiones a\u00e9reas\u00bb \u2014 Madrid Convention Bureau\" data-secret=\"bQg8tI896H\" frameborder=\"0\" marginwidth=\"0\" marginheight=\"0\" scrolling=\"no\" class=\"wp-embedded-content\"><\/iframe><script>\n\/*! This file is auto-generated *\/\n!function(d,l){\"use strict\";l.querySelector&&d.addEventListener&&\"undefined\"!=typeof URL&&(d.wp=d.wp||{},d.wp.receiveEmbedMessage||(d.wp.receiveEmbedMessage=function(e){var t=e.data;if((t||t.secret||t.message||t.value)&&!\/[^a-zA-Z0-9]\/.test(t.secret)){for(var s,r,n,a=l.querySelectorAll('iframe[data-secret=\"'+t.secret+'\"]'),o=l.querySelectorAll('blockquote[data-secret=\"'+t.secret+'\"]'),c=new RegExp(\"^https?:$\",\"i\"),i=0;i<o.length;i++)o[i].style.display=\"none\";for(i=0;i<a.length;i++)s=a[i],e.source===s.contentWindow&&(s.removeAttribute(\"style\"),\"height\"===t.message?(1e3<(r=parseInt(t.value,10))?r=1e3:~~r<200&&(r=200),s.height=r):\"link\"===t.message&&(r=new URL(s.getAttribute(\"src\")),n=new URL(t.value),c.test(n.protocol))&&n.host===r.host&&l.activeElement===s&&(d.top.location.href=t.value))}},d.addEventListener(\"message\",d.wp.receiveEmbedMessage,!1),l.addEventListener(\"DOMContentLoaded\",function(){for(var e,t,s=l.querySelectorAll(\"iframe.wp-embedded-content\"),r=0;r<s.length;r++)(t=(e=s[r]).getAttribute(\"data-secret\"))||(t=Math.random().toString(36).substring(2,12),e.src+=\"#?secret=\"+t,e.setAttribute(\"data-secret\",t)),e.contentWindow.postMessage({message:\"ready\",secret:t},\"*\")},!1)))}(window,document);\n\/\/# sourceURL=https:\/\/www.esmadrid.com\/mcb\/wp-includes\/js\/wp-embed.min.js\n<\/script>\n","thumbnail_url":"https:\/\/www.esmadrid.com\/mcb\/wp-content\/uploads\/2015\/12\/Aeropuerto1.jpg","thumbnail_width":540,"thumbnail_height":300,"description":"&nbsp; Air Europa comienza a volar a Paraguay Desde el pr\u00f3ximo 16 de diciembre, Air Europa unir\u00e1 Madrid y Asunci\u00f3n con dos vuelos semanales, con salidas de Madrid los mi\u00e9rcoles y domingos y llegadas a Asunci\u00f3n los jueves y lunes, d\u00edas en los que operar\u00e1n las salidas desde la capital de Paraguay. Para la nueva [&hellip;]"}